{"id":25,"date":"2016-11-05T09:17:23","date_gmt":"2016-11-05T11:17:23","guid":{"rendered":"http:\/\/201.57.207.35\/cgtic\/?page_id=25"},"modified":"2026-04-29T13:53:58","modified_gmt":"2026-04-29T16:53:58","slug":"workshop","status":"publish","type":"page","link":"https:\/\/www.cgtic.andifes.org.br\/index.php\/workshop\/","title":{"rendered":"Workshop de TIC das IFES"},"content":{"rendered":"\t\t<div data-elementor-type=\"wp-page\" data-elementor-id=\"25\" class=\"elementor elementor-25\" data-elementor-post-type=\"page\">\n\t\t\t\t<div class=\"elementor-element elementor-element-0aecff3 e-flex e-con-boxed e-con e-parent\" data-id=\"0aecff3\" data-element_type=\"container\" data-e-type=\"container\" data-settings=\"{&quot;background_background&quot;:&quot;classic&quot;}\">\n\t\t\t\t\t<div class=\"e-con-inner\">\n\t\t\t\t<div class=\"elementor-element elementor-element-20a32a9 elementor-widget elementor-widget-elementskit-heading\" data-id=\"20a32a9\" data-element_type=\"widget\" data-e-type=\"widget\" data-widget_type=\"elementskit-heading.default\">\n\t\t\t\t\t<div class=\"ekit-wid-con\" ><div class=\"ekit-heading elementskit-section-title-wraper center   ekit_heading_tablet-   ekit_heading_mobile-\"><h2 class=\"ekit-heading--title elementskit-section-title \">Edi\u00e7\u00f5es do WTICIFES <\/h2>\t\t\t\t<div class='ekit-heading__description'>\n\t\t\t\t\t<p>Conhe\u00e7a as edi\u00e7\u00f5es do WTICIFES, evento que re\u00fane gestores e profissionais de TI das IFES para compartilhar experi\u00eancias, desafios e inova\u00e7\u00f5es no uso da tecnologia na educa\u00e7\u00e3o superior.<\/p>\n\t\t\t\t<\/div>\n\t\t\t<\/div><\/div>\t\t\t\t<\/div>\n\t\t\t\t\t<\/div>\n\t\t\t\t<\/div>\n\t\t<div class=\"elementor-element elementor-element-4f2f33e8 e-flex e-con-boxed e-con e-parent\" data-id=\"4f2f33e8\" data-element_type=\"container\" data-e-type=\"container\">\n\t\t\t\t\t<div class=\"e-con-inner\">\n\t\t\t\t<div class=\"elementor-element elementor-element-580cbc6e elementor-widget elementor-widget-text-editor\" data-id=\"580cbc6e\" data-element_type=\"widget\" data-e-type=\"widget\" data-widget_type=\"text-editor.default\">\n\t\t\t\t\t\t\t\t\tO <strong>WTICIFES<\/strong> \u00e9 uma promo\u00e7\u00e3o do Col\u00e9gio de Gestores de TIC das IFES para, a partir da similaridade dos problemas e desafios de gest\u00e3o, incentivar a troca interinstitucional de experi\u00eancias e solu\u00e7\u00f5es para a efetiva\u00e7\u00e3o da TIC como um instrumento de avan\u00e7o de todas as Universidades.\n<h4>P\u0155oximo Evento<\/h4>\n<ul><!--\n \t<li><span style=\"color: #333399;\"><a href=\"https:\/\/sites.ufmt.br\/wticifes2019\/\">XIV Workshop de TI das IFES - Jo\u00e3o Pessoa - PB, 2020<\/a><\/span><\/li>\n-->\n \t<li><span style=\"font-weight: 400;\">XVIII &#8211; <a href=\"http:\/\/wticifes.com.br\/2026\">Workshop de TI das IFES \u2013 Rio Grande do Sul \u2013 RS, 2026<\/a><\/span><\/li>\n<\/ul>\n<h4>Eventos Anteriores<\/h4>\n<ul>\n \t<li><span style=\"font-weight: 400;\">XVII Workshop de TIC das IFES \u2013 <\/span><a href=\"https:\/\/wticifes.com.br\/2025\"><span style=\"font-weight: 400;\">Site Oficial<\/span><\/a><span style=\"font-weight: 400;\"> | <\/span><a href=\"https:\/\/repositorio.wticifes.com.br\/communities\/28ccb5ce-aa37-4923-be3c-7949c1ffd27d\"><span style=\"font-weight: 400;\">Anais <\/span><\/a><span style=\"font-weight: 400;\">\u2013 Santar\u00e9m-PA, 2025.<\/span><\/li>\n \t<li><span style=\"font-weight: 400;\">XVI Workshop de TIC das IFES \u2013 <\/span><a href=\"https:\/\/wticifes.com.br\/2024\"><span style=\"font-weight: 400;\">Site Oficial <\/span><\/a><span style=\"font-weight: 400;\">| <\/span><a href=\"https:\/\/repositorio.wticifes.com.br\/communities\/118f0c75-76aa-4628-8b9d-fd075c09e2f3\"><span style=\"font-weight: 400;\">Anais <\/span><\/a><span style=\"font-weight: 400;\">\u2013 S\u00e3o Paulo &#8211; SP, 2024.<\/span><\/li>\n \t<li><span style=\"font-weight: 400;\">XV Workshop de TIC das IFES \u2013 <\/span><a href=\"https:\/\/wticifes2023.ufma.br\/\"><span style=\"font-weight: 400;\">Site Oficial<\/span><\/a><span style=\"font-weight: 400;\"> | <\/span><a href=\"https:\/\/wticifes2023.ufma.br\/anais-wticifes-2023\/\"><span style=\"font-weight: 400;\">Anais <\/span><\/a><span style=\"font-weight: 400;\">\u2013 S\u00e3o Lu\u00eds &#8211; MA, 2023.<\/span><\/li>\n \t<li><span style=\"font-weight: 400;\">XIV Workshop de TIC das IFES \u2013 Site Oficial | <\/span><a href=\"https:\/\/repositorio.wticifes.com.br\/communities\/7a810da2-64b4-42aa-a349-fa992eaeb487\"><span style=\"font-weight: 400;\">Anais <\/span><\/a><span style=\"font-weight: 400;\">\u2013 Aracaju &#8211; SE, 2022.<\/span><\/li>\n \t<li style=\"font-weight: 400;\" aria-level=\"1\"><span style=\"font-weight: 400;\">Workshop de TIC das IFES \u2013 2021\u00a0 (Cancelado Pandemia).<\/span><\/li>\n \t<li style=\"font-weight: 400;\" aria-level=\"1\"><span style=\"font-weight: 400;\">Workshop de TIC das IFES \u2013 2020\u00a0 (Cancelado Pandemia).<\/span><\/li>\n \t<li><span style=\"color: #333399;\">XIII Workshop de TIC das IFES &#8211; <a href=\"https:\/\/ufmt.br\/wticifes2019\/\">Site Oficial<\/a> | <a href=\"https:\/\/ufmt.br\/wticifes2019\/wp-content\/uploads\/2019\/07\/Ebook-WTICIFES.pdf\">Anais<\/a> &#8211; Cuiab\u00e1 &#8211; MT, 2019.<\/span><\/li>\n \t<li><span style=\"color: #333399;\">XII Workshop de TIC das IFES &#8211; <a href=\"https:\/\/eventos.unila.edu.br\/wticifes2018\/\">Site Oficial<\/a> | <a href=\"http:\/\/www.xiiwticifes.ufba.br\/\">Anais<\/a> &#8211; Foz do Igua\u00e7u &#8211; PR, 2018.<\/span><\/li>\n \t<li><span style=\"color: #333399;\">XI Workshop de TIC das IFES &#8211; <a href=\"https:\/\/wticifes2017.ufpe.br\/\">Site Oficial<\/a> | <a href=\"http:\/\/www.xiwticifes.ufba.br\/\">Anais<\/a> &#8211; Recife, 2017.\n<\/span><\/li>\n \t<li><span style=\"color: #333399;\"><a style=\"color: #333399;\" href=\"http:\/\/www.xwticifes.ufba.br\/\" target=\"_blank\" rel=\"noopener\">X Workshop de TIC das IFES &#8211; Gramado &#8211; RS, 2016.<\/a><\/span><\/li>\n \t<li><span style=\"color: #333399;\"><a style=\"color: #333399;\" href=\"http:\/\/www.ixwticifes.ufba.br\/\" target=\"_blank\" rel=\"noopener\">IX Workshop de TIC das IFES &#8211; Belo Horizonte &#8211; MG, 2015.<\/a><\/span><\/li>\n \t<li><span style=\"color: #333399;\"><a style=\"color: #333399;\" href=\"http:\/\/www.viiIwticifes.ufba.br\/\" target=\"_blank\" rel=\"noopener\">VIII Workshop de TIC das IFES &#8211; Bras\u00edlia &#8211; DF, 2014.<\/a><\/span><\/li>\n \t<li><span style=\"color: #333399;\"><a style=\"color: #333399;\" href=\"http:\/\/www.viiwticifes.ufba.br\/\" target=\"_blank\" rel=\"noopener\">VII Workshop de TIC das IFES &#8211; Jo\u00e3o Pessoa &#8211; PB, 2013.<\/a><\/span><\/li>\n \t<li><span style=\"color: #333399;\"><a style=\"color: #333399;\" href=\"http:\/\/www.viwticifes.ufba.br\/\" target=\"_blank\" rel=\"noopener\">VI Workshop de TIC das IFES &#8211; Goi\u00e2nia &#8211; GO, 2012.<\/a><\/span><\/li>\n \t<li><span style=\"color: #333399;\"><a style=\"color: #333399;\" href=\"http:\/\/www.vwticifes.ufba.br\/\" target=\"_blank\" rel=\"noopener\">V Workshop de TIC das IFES &#8211; Florian\u00f3polis &#8211; SC, 2011.<\/a><\/span><\/li>\n \t<li><span style=\"color: #333399;\"><a style=\"color: #333399;\" href=\"http:\/\/www.ivwticifes.ufba.br\/\" target=\"_blank\" rel=\"noopener\">IV Workshop de TIC das IFES &#8211; Rio de Janeiro &#8211; RJ, 2010.<\/a><\/span><\/li>\n \t<li><span style=\"color: #333399;\"><a style=\"color: #333399;\" href=\"http:\/\/www.iiiwticifes.ufba.br\/\" target=\"_blank\" rel=\"noopener\">III Workshop de TIC das IFES &#8211; Bel\u00e9m &#8211; PA, 2009.<\/a><\/span><\/li>\n \t<li><span style=\"color: #333399;\"><a style=\"color: #333399;\" href=\"http:\/\/www.iiwticifes.ufba.br\/\" target=\"_blank\" rel=\"noopener\">II Workshop de TIC das IFES &#8211; Gramado &#8211; RS, 2008.<\/a><\/span><\/li>\n \t<li><a href=\"http:\/\/www.iwtiifes.ufba.br\/\" target=\"_blank\" rel=\"noopener\"><span style=\"color: #333399;\">I Workshop de TIC das IFES &#8211; Salvador &#8211; BA, 2007.<\/span><\/a><\/li>\n<\/ul>\t\t\t\t\t\t\t\t<\/div>\n\t\t\t\t\t<\/div>\n\t\t\t\t<\/div>\n\t\t\t\t<\/div>\n\t\t","protected":false},"excerpt":{"rendered":"<p>Edi\u00e7\u00f5es do WTICIFES Conhe\u00e7a as edi\u00e7\u00f5es do WTICIFES, evento que re\u00fane gestores e profissionais de TI das IFES para compartilhar experi\u00eancias, desafios e inova\u00e7\u00f5es no uso da tecnologia na educa\u00e7\u00e3o superior. O WTICIFES \u00e9 uma promo\u00e7\u00e3o do Col\u00e9gio de Gestores de TIC das IFES para, a partir da similaridade dos problemas e desafios de gest\u00e3o, [&hellip;]<\/p>\n","protected":false},"author":1,"featured_media":0,"parent":0,"menu_order":0,"comment_status":"closed","ping_status":"closed","template":"elementor_header_footer","meta":{"footnotes":""},"class_list":["post-25","page","type-page","status-publish","hentry"],"_links":{"self":[{"href":"https:\/\/www.cgtic.andifes.org.br\/index.php\/wp-json\/wp\/v2\/pages\/25","targetHints":{"allow":["GET"]}}],"collection":[{"href":"https:\/\/www.cgtic.andifes.org.br\/index.php\/wp-json\/wp\/v2\/pages"}],"about":[{"href":"https:\/\/www.cgtic.andifes.org.br\/index.php\/wp-json\/wp\/v2\/types\/page"}],"author":[{"embeddable":true,"href":"https:\/\/www.cgtic.andifes.org.br\/index.php\/wp-json\/wp\/v2\/users\/1"}],"replies":[{"embeddable":true,"href":"https:\/\/www.cgtic.andifes.org.br\/index.php\/wp-json\/wp\/v2\/comments?post=25"}],"version-history":[{"count":28,"href":"https:\/\/www.cgtic.andifes.org.br\/index.php\/wp-json\/wp\/v2\/pages\/25\/revisions"}],"predecessor-version":[{"id":1129,"href":"https:\/\/www.cgtic.andifes.org.br\/index.php\/wp-json\/wp\/v2\/pages\/25\/revisions\/1129"}],"wp:attachment":[{"href":"https:\/\/www.cgtic.andifes.org.br\/index.php\/wp-json\/wp\/v2\/media?parent=25"}],"curies":[{"name":"wp","href":"https:\/\/api.w.org\/{rel}","templated":true}]}}