{"id":98,"date":"2017-03-08T15:29:48","date_gmt":"2017-03-08T18:29:48","guid":{"rendered":"http:\/\/www.cgtic.andifes.org.br\/?page_id=98"},"modified":"2026-04-29T13:50:51","modified_gmt":"2026-04-29T16:50:51","slug":"conteudo-restrito","status":"publish","type":"page","link":"https:\/\/www.cgtic.andifes.org.br\/index.php\/conteudo-restrito\/","title":{"rendered":"Conte\u00fado Restrito"},"content":{"rendered":"\t\t<div data-elementor-type=\"wp-page\" data-elementor-id=\"98\" class=\"elementor elementor-98\" data-elementor-post-type=\"page\">\n\t\t\t\t<div class=\"elementor-element elementor-element-4a55ef2 e-flex e-con-boxed e-con e-parent\" data-id=\"4a55ef2\" data-element_type=\"container\" data-e-type=\"container\" data-settings=\"{&quot;background_background&quot;:&quot;classic&quot;}\">\n\t\t\t\t\t<div class=\"e-con-inner\">\n\t\t\t\t<div class=\"elementor-element elementor-element-de26140 elementor-widget elementor-widget-elementskit-heading\" data-id=\"de26140\" data-element_type=\"widget\" data-e-type=\"widget\" data-widget_type=\"elementskit-heading.default\">\n\t\t\t\t\t<div class=\"ekit-wid-con\" ><div class=\"ekit-heading elementskit-section-title-wraper center   ekit_heading_tablet-   ekit_heading_mobile-\"><h2 class=\"ekit-heading--title elementskit-section-title \">\u00c1rea Restrita<\/h2>\t\t\t\t<div class='ekit-heading__description'>\n\t\t\t\t\t<p>Ambiente exclusivo para membros do CGTIC, destinado ao compartilhamento interno de documentos, informa\u00e7\u00f5es e discuss\u00f5es do colegiado.<\/p>\n\t\t\t\t<\/div>\n\t\t\t<\/div><\/div>\t\t\t\t<\/div>\n\t\t\t\t\t<\/div>\n\t\t\t\t<\/div>\n\t\t<div class=\"elementor-element elementor-element-402d8d97 e-flex e-con-boxed e-con e-parent\" data-id=\"402d8d97\" data-element_type=\"container\" data-e-type=\"container\">\n\t\t\t\t\t<div class=\"e-con-inner\">\n\t\t\t\t<div class=\"elementor-element elementor-element-707d1515 elementor-widget elementor-widget-text-editor\" data-id=\"707d1515\" data-element_type=\"widget\" data-e-type=\"widget\" data-widget_type=\"text-editor.default\">\n\t\t\t\t\t\t\t\t\t<h3><\/h3>\r\n<h3>Contatos entre os membros do CGTIC<\/h3>\r\n&nbsp;\r\n<ul>\r\n \t<li><strong>Lista de discuss\u00e3o (nti-l@ufrgs.br)<\/strong>: Para ingressar na lista, enviar email para edson.flavio@ufpr.b<span class=\"gI\"><span class=\"go\">r<\/span><\/span><\/li>\r\n \t<li><strong>Grupo dos gestores no whatsapp CGTIC-IFES<\/strong>: Enviar pedido de inclus\u00e3o para (41) 8872-5118 (Edson Fl\u00e1vio)<\/li>\r\n<\/ul>\r\n<h3><\/h3>\r\n<h3>Links Diversos<\/h3>\r\n<h4>Rela\u00e7\u00e3o de Gestores<\/h4>\r\n<ul>\r\n \t<li><a href=\"https:\/\/docs.google.com\/spreadsheets\/d\/1UdXI6yPJgY-YZgl4O9SMJ-bjJxgvgKgauOx_P5-WKNk\/edit?ts=56eae6d5#gid=0\" target=\"_new\">CGTIC &#8211; Rela\u00e7\u00e3o de Gestores de TIC &#8211; IFES<\/a><\/li>\r\n<\/ul>\r\n<h4>Perfil IGovTI 2016<\/h4>\r\n<ul>\r\n \t<li><a href=\"http:\/\/www.cgtic.andifes.org.br\/index.php\/perfis-igovti-2016\/\">Perfil IGovTI 2016<\/a><\/li>\r\n<\/ul>\r\n<h4>Documentos<\/h4>\r\n<ul>\r\n \t<li><a href=\"https:\/\/docs.google.com\/document\/d\/1aAZh7_wKWTf-oJe7byWAs6phr5rvRBpWlQ0FBZLT0V4\/edit\" target=\"_new\">Relato Problemas SISU IFES<\/a><\/li>\r\n \t<li><a href=\"https:\/\/docs.google.com\/document\/d\/1RjXfWXpFxyoDFD9lIIMJ7UcI7Ssaz89fPPL2hw-3ziY\/edit\" target=\"_new\">Oficio_Andifes_Cortes_Enlaces_RNP<\/a><\/li>\r\n \t<li><a href=\"https:\/\/docs.google.com\/document\/d\/16_vDSgRxgXO3XYnYKnNot-jbfDSLj_dGcCq2n7dGums\/edit\" target=\"_new\">Of\u00edcio CGTIC &#8211; Carreira de TIC MPOG\/ANDIFES<\/a><\/li>\r\n<\/ul>\r\n<h4>Termos de Refer\u00eancia e Atas de Registro de Pre\u00e7o<\/h4>\r\n<ul>\r\n \t<li><a href=\"https:\/\/drive.google.com\/drive\/folders\/0B_lrAlekDqVtelR6NDNkOS1nSnM\" target=\"_blank\">Termos de Refer\u00eancia e Atas de Registro de Pre\u00e7o<\/a><\/li>\r\n<\/ul>\r\n<h4>Levantamentos<\/h4>\r\n<ul>\r\n \t<li><a href=\"https:\/\/docs.google.com\/spreadsheets\/d\/1ftC7yI0LPt23FEtbZX_Fy_6YUC8o7BM9AxOuTntf5EY\/edit#gid=0\" target=\"_blank\">CGTICIFES &#8211; Grupo sobre Seguran\u00e7a de TIC <\/a>(Dez\/2016)<\/li>\r\n \t<li><a href=\"https:\/\/docs.google.com\/spreadsheets\/d\/1uT9Q2N7uVVGVB7WgmeAfrrI3PpXKCsQbwvNlgvYczws\/edit#gid=0\" target=\"_blank\">CGTIC &#8211; Levantamento For\u00e7a de Trabalho &#8211; TIC &#8211; IFES (Set\/2016)<\/a><\/li>\r\n \t<li><a href=\"https:\/\/docs.google.com\/spreadsheets\/d\/15TQ8KKdVrZuY5tLfkZvmE8v7KwBRpjqr6L1aSaHvOAU\/edit?hl=en_US#gid=1\" target=\"_new\">Dimensionamento rh_ifes quadrosisp<\/a><\/li>\r\n \t<li><a href=\"https:\/\/docs.google.com\/spreadsheets\/d\/1NinAMX99zOiPv2frSfcAhnDpyJDVAiaciUQJaewJ0qw\/edit#gid=609390605\" target=\"_new\">Levantamento_investimentos_sala_cofre_datacenters<\/a><\/li>\r\n \t<li><a href=\"https:\/\/docs.google.com\/spreadsheets\/d\/1R9yKZYviD9K2J4NA97ttIClzmFsgpSrFYprosb1_w7c\/edit#gid=0\" target=\"_new\">Pesquisa Sobre Processo de Desfazimento<\/a> (Dez\/2016)<\/li>\r\n \t<li><a href=\"https:\/\/docs.google.com\/spreadsheets\/d\/17HpKZmRtJbTF3GfRdOHCZJVq5aYhoW62i7gU1tG7Mko\/edit#gid=508328803\" target=\"_new\">Pesquisa_Status_Gratificacoes<\/a><\/li>\r\n \t<li><a href=\"https:\/\/drive.google.com\/file\/d\/0B-5nRERe31g1WHI0dExqSGJEWTg\/view\" target=\"_new\">Pesquisa_Status_Gratificacoes 2<\/a><\/li>\r\n \t<li><a href=\"https:\/\/docs.google.com\/spreadsheets\/d\/1CY5Qz1c1EZW1e9GsUNoJ-Pk8LfZDZCQ3mwSRi-U7qmk\/edit#gid=0\" target=\"_new\">Investimento em TI &#8211; IFES &#8211; 2016 (Dez\/2016)<\/a><\/li>\r\n \t<li><a href=\"https:\/\/docs.google.com\/spreadsheets\/d\/1_lVzciy_pWjnxNYsLU67BdOctaf7pnBD6I95R2rPh0k\/edit#gid=179265391\" target=\"_blank\">Pesquisa Enlaces CGTIC (Fev\/2017)<\/a><\/li>\r\n \t<li><a href=\"https:\/\/docs.google.com\/spreadsheets\/d\/178N2Wan1R_WiSY6ELxJg0ErJmdWTKblyGM1B_R9w8yU\/edit#gid=1979001738\">Levantamento de Solu\u00e7\u00f5es de Service DESK (Mar\u00e7o\/2017)<\/a><\/li>\r\n \t<li><a href=\"https:\/\/docs.google.com\/spreadsheets\/d\/1jmJ-W8-zYsSxLOhU38aiY2iRRhWZ82f9YmMM6XyGtNE\/edit#gid=113877084\">Levantamento: Servi\u00e7os Digitais, Integra\u00e7\u00e3o com bases de dados e Sistemas Utilizados\u00a0 (Mar\u00e7o\/2017)<\/a><\/li>\r\n \t<li><a href=\"https:\/\/docs.google.com\/forms\/d\/1Me60beXD7vrV9KIbRH_7CVuIhae51uTR9Mz5b-02IiA\/viewform?edit_requested=true\" target=\"_blank\">Solu\u00e7\u00f5es Wireless utilizadas pelas IFES (Mar\u00e7o\/2017)<\/a><\/li>\r\n \t<li><a href=\"https:\/\/docs.google.com\/spreadsheets\/d\/1nmDzmiIUSX93iI2QyZDHfaWkmYU2y0R3TUgFnXaet6Y\/edit#gid=71639201\" target=\"_blank\">Questionamentos sobre servi\u00e7os de nuvem (Maio\/2017)<\/a><\/li>\r\n<\/ul>\t\t\t\t\t\t\t\t<\/div>\n\t\t\t\t\t<\/div>\n\t\t\t\t<\/div>\n\t\t\t\t<\/div>\n\t\t","protected":false},"excerpt":{"rendered":"<p>\u00c1rea Restrita Ambiente exclusivo para membros do CGTIC, destinado ao compartilhamento interno de documentos, informa\u00e7\u00f5es e discuss\u00f5es do colegiado. Contatos entre os membros do CGTIC &nbsp; Lista de discuss\u00e3o (nti-l@ufrgs.br): Para ingressar na lista, enviar email para edson.flavio@ufpr.br Grupo dos gestores no whatsapp CGTIC-IFES: Enviar pedido de inclus\u00e3o para (41) 8872-5118 (Edson Fl\u00e1vio) Links Diversos [&hellip;]<\/p>\n","protected":false},"author":1,"featured_media":0,"parent":0,"menu_order":0,"comment_status":"closed","ping_status":"closed","template":"elementor_header_footer","meta":{"footnotes":""},"class_list":["post-98","page","type-page","status-publish","hentry"],"_links":{"self":[{"href":"https:\/\/www.cgtic.andifes.org.br\/index.php\/wp-json\/wp\/v2\/pages\/98","targetHints":{"allow":["GET"]}}],"collection":[{"href":"https:\/\/www.cgtic.andifes.org.br\/index.php\/wp-json\/wp\/v2\/pages"}],"about":[{"href":"https:\/\/www.cgtic.andifes.org.br\/index.php\/wp-json\/wp\/v2\/types\/page"}],"author":[{"embeddable":true,"href":"https:\/\/www.cgtic.andifes.org.br\/index.php\/wp-json\/wp\/v2\/users\/1"}],"replies":[{"embeddable":true,"href":"https:\/\/www.cgtic.andifes.org.br\/index.php\/wp-json\/wp\/v2\/comments?post=98"}],"version-history":[{"count":24,"href":"https:\/\/www.cgtic.andifes.org.br\/index.php\/wp-json\/wp\/v2\/pages\/98\/revisions"}],"predecessor-version":[{"id":1113,"href":"https:\/\/www.cgtic.andifes.org.br\/index.php\/wp-json\/wp\/v2\/pages\/98\/revisions\/1113"}],"wp:attachment":[{"href":"https:\/\/www.cgtic.andifes.org.br\/index.php\/wp-json\/wp\/v2\/media?parent=98"}],"curies":[{"name":"wp","href":"https:\/\/api.w.org\/{rel}","templated":true}]}}